{"id":16,"date":"2020-07-28T16:30:14","date_gmt":"2020-07-28T19:30:14","guid":{"rendered":"http:\/\/camaralacerdopolis.sc.gov.br\/site\/?page_id=16"},"modified":"2025-06-13T09:13:09","modified_gmt":"2025-06-13T12:13:09","slug":"contato","status":"publish","type":"page","link":"https:\/\/camaralacerdopolis.sc.gov.br\/site\/contato\/","title":{"rendered":"Contato"},"content":{"rendered":"<div class=\"ts-row block cf wpb_row\">\n\t<div class=\"col-12 wpb_column vc_column_container\">\n\t\t\t\n\t<div class=\"wpb_text_column wpb_content_element \">\n\t\t<div class=\"post-content text-font\">\n\t\t\t<p>Preocupando-se com o bem-estar da popula\u00e7\u00e3o de Lacerd\u00f3polis, a C\u00e2mara de Vereadores Municipal est\u00e1 a disposi\u00e7\u00e3o de todos que queira tiram d\u00favidas, fazer reclama\u00e7\u00f5es ou elogios. Entre em contato conosco.<\/p>\n\n\t\t<\/div> \n\t<\/div> \n\t<\/div> \n<\/div><div class=\"ts-row block cf wpb_row\">\n\t<div class=\"col-6 wpb_column vc_column_container\">\n\t\t\t<div class=\"vc_separator wpb_content_element vc_separator_align_center vc_sep_width_100 vc_sep_pos_align_center vc_sep_color_grey vc_separator-has-text\" ><span class=\"vc_sep_holder vc_sep_holder_l\"><span  class=\"vc_sep_line\"><\/span><\/span><h4>Atendimento<\/h4><span class=\"vc_sep_holder vc_sep_holder_r\"><span  class=\"vc_sep_line\"><\/span><\/span>\n<\/div>\n\t<div class=\"wpb_text_column wpb_content_element \">\n\t\t<div class=\"post-content text-font\">\n\t\t\t<p><strong>Segunda \u00e0 sexta:<\/strong><br \/>\nMatutino: 07h \u00e0s 13h<br \/>\nVespertino: 13h30min \u00e0s 18h<\/p>\n<p><strong>Hor\u00e1rio das sess\u00f5es:<\/strong><br \/>\nSegundas-feiras: A partir das 19 horas.<\/p>\n\n\t\t<\/div> \n\t<\/div> \n\t<\/div> \n\n\t<div class=\"col-6 wpb_column vc_column_container\">\n\t\t\t<div class=\"vc_separator wpb_content_element vc_separator_align_center vc_sep_width_100 vc_sep_pos_align_center vc_sep_color_grey vc_separator-has-text\" ><span class=\"vc_sep_holder vc_sep_holder_l\"><span  class=\"vc_sep_line\"><\/span><\/span><h4>Contato<\/h4><span class=\"vc_sep_holder vc_sep_holder_r\"><span  class=\"vc_sep_line\"><\/span><\/span>\n<\/div>\n\t<div class=\"wpb_text_column wpb_content_element \">\n\t\t<div class=\"post-content text-font\">\n\t\t\t<p>E-mail: <a href=\"mailto:camaralpolis@camaralacerdopolis.sc.gov.br\">camaralpolis@camaralacerdopolis.sc.gov.br<\/a><br \/>\nWhatsApp: <a href=\"https:\/\/wa.me\/554935520057\">(49) 3552-0057<\/a><br \/>\nFixo: (49) 3552-0187 ou (49) 3552-0188<br \/>\n<em>(Nu\u0301mero de Telefone da Prefeitura Municipal \u2013 Solicite transfere\u0302ncia\u00a0para\u00a0a\u00a0Ca\u0302mara<\/em><\/p>\n\n\t\t<\/div> \n\t<\/div> <div \tclass=\"vc_icon_element vc_icon_element-outer socialmidia vc_icon_element-align-left\">\n\t<div class=\"vc_icon_element-inner vc_icon_element-color-blue vc_icon_element-size-md vc_icon_element-style- vc_icon_element-background-color-grey\">\n\t\t<span class=\"vc_icon_element-icon fa fa-facebook-square\" ><\/span><a class=\"vc_icon_element-link\" href=\"https:\/\/www.facebook.com\/share\/1BJciHkVcj\/\"  rel=\"nofollow\" title=\"\" target=\" _blank\"><\/a><\/div>\n<\/div>\n<div \tclass=\"vc_icon_element vc_icon_element-outer socialmidia vc_icon_element-align-left\">\n\t<div class=\"vc_icon_element-inner vc_icon_element-color-sandy_brown vc_icon_element-size-md vc_icon_element-style- vc_icon_element-background-color-grey\">\n\t\t<span class=\"vc_icon_element-icon fa fa-instagram\" ><\/span><a class=\"vc_icon_element-link\" href=\"https:\/\/www.instagram.com\/camaralacerdopolis\/\"  rel=\"nofollow\" title=\"\" target=\" _blank\"><\/a><\/div>\n<\/div>\n<div \tclass=\"vc_icon_element vc_icon_element-outer socialmidia vc_icon_element-align-left\">\n\t<div class=\"vc_icon_element-inner vc_icon_element-color-juicy_pink vc_icon_element-size-md vc_icon_element-style- vc_icon_element-background-color-grey\">\n\t\t<span class=\"vc_icon_element-icon fa fa-youtube\" ><\/span><a class=\"vc_icon_element-link\" href=\"https:\/\/www.youtube.com\/@C%C3%A2maraLacerd%C3%B3polis\"  rel=\"nofollow\" title=\"\" target=\" _blank\"><\/a><\/div>\n<\/div>\n\n\t<\/div> \n<\/div><div class=\"ts-row block cf wpb_row\">\n\t<div class=\"col-12 wpb_column vc_column_container\">\n\t\t\t<div class=\"vc_separator wpb_content_element vc_separator_align_center vc_sep_width_100 vc_sep_pos_align_center vc_sep_color_grey vc_separator-has-text\" ><span class=\"vc_sep_holder vc_sep_holder_l\"><span  class=\"vc_sep_line\"><\/span><\/span><h4>Localiza\u00e7\u00e3o<\/h4><span class=\"vc_sep_holder vc_sep_holder_r\"><span  class=\"vc_sep_line\"><\/span><\/span>\n<\/div><div class=\"wpb_gmaps_widget wpb_content_element\" >\n\t\t<div class=\"wpb_wrapper\">\n\t\t<div class=\"wpb_map_wraper\">\n\t\t\t<iframe loading=\"lazy\" src=\"https:\/\/www.google.com\/maps\/embed?pb=!1m18!1m12!1m3!1d3546.6055605848346!2d-51.55912578440314!3d-27.26289751446757!2m3!1f0!2f0!3f0!3m2!1i1024!2i768!4f13.1!3m3!1m2!1s0x94e0193bb55fc035%3A0x49f225c3ece96843!2sC%C3%A2mara%20Municipal%20de%20Vereadores%20de%20Lacerd%C3%B3polis!5e0!3m2!1spt-BR!2sbr!4v1596551728432!5m2!1spt-BR!2sbr\" width=\"600\" height=\"300\" frameborder=\"0\" style=\"border:0;\" allowfullscreen=\"\" aria-hidden=\"false\" tabindex=\"0\"><\/iframe>\t\t<\/div>\n\t<\/div>\n<\/div>\n\n\t<\/div> \n<\/div><div class=\"ts-row block cf wpb_row\">\n\t<div class=\"col-12 wpb_column vc_column_container\">\n\t\t\t<div class=\"vc_separator wpb_content_element vc_separator_align_center vc_sep_width_100 vc_sep_pos_align_center vc_sep_color_grey vc_separator-has-text\" ><span class=\"vc_sep_holder vc_sep_holder_l\"><span  class=\"vc_sep_line\"><\/span><\/span><h4>Mande sua mensagem<\/h4><span class=\"vc_sep_holder vc_sep_holder_r\"><span  class=\"vc_sep_line\"><\/span><\/span>\n<\/div>\n<div class=\"wpcf7 no-js\" id=\"wpcf7-f4-o1\" lang=\"pt-BR\" dir=\"ltr\" data-wpcf7-id=\"4\">\n<div class=\"screen-reader-response\"><p role=\"status\" aria-live=\"polite\" aria-atomic=\"true\"><\/p> <ul><\/ul><\/div>\n<form action=\"\/site\/wp-json\/wp\/v2\/pages\/16#wpcf7-f4-o1\" method=\"post\" class=\"wpcf7-form init\" aria-label=\"Formul\u00e1rios de contato\" novalidate=\"novalidate\" data-status=\"init\">\n<fieldset class=\"hidden-fields-container\"><input type=\"hidden\" name=\"_wpcf7\" value=\"4\" \/><input type=\"hidden\" name=\"_wpcf7_version\" value=\"6.1.3\" \/><input type=\"hidden\" name=\"_wpcf7_locale\" value=\"pt_BR\" \/><input type=\"hidden\" name=\"_wpcf7_unit_tag\" value=\"wpcf7-f4-o1\" \/><input type=\"hidden\" name=\"_wpcf7_container_post\" value=\"0\" \/><input type=\"hidden\" name=\"_wpcf7_posted_data_hash\" value=\"\" \/>\n<\/fieldset>\n<p>Seu nome (obrigat\u00f3rio)\n<\/p>\n<p><span class=\"wpcf7-form-control-wrap\" data-name=\"your-name\"><input size=\"40\" maxlength=\"400\" class=\"wpcf7-form-control wpcf7-text wpcf7-validates-as-required\" aria-required=\"true\" aria-invalid=\"false\" value=\"\" type=\"text\" name=\"your-name\" \/><\/span>\n<\/p>\n<p>Seu e-mail (obrigat\u00f3rio)\n<\/p>\n<p><span class=\"wpcf7-form-control-wrap\" data-name=\"your-email\"><input size=\"40\" maxlength=\"400\" class=\"wpcf7-form-control wpcf7-email wpcf7-validates-as-required wpcf7-text wpcf7-validates-as-email\" aria-required=\"true\" aria-invalid=\"false\" value=\"\" type=\"email\" name=\"your-email\" \/><\/span>\n<\/p>\n<p>Assunto\n<\/p>\n<p><span class=\"wpcf7-form-control-wrap\" data-name=\"your-subject\"><input size=\"40\" maxlength=\"400\" class=\"wpcf7-form-control wpcf7-text\" aria-invalid=\"false\" value=\"\" type=\"text\" name=\"your-subject\" \/><\/span>\n<\/p>\n<p>Sua mensagem\n<\/p>\n<p><span class=\"wpcf7-form-control-wrap\" data-name=\"your-message\"><textarea cols=\"40\" rows=\"10\" maxlength=\"2000\" class=\"wpcf7-form-control wpcf7-textarea\" aria-invalid=\"false\" name=\"your-message\"><\/textarea><\/span>\n<\/p>\n<p><input class=\"wpcf7-form-control wpcf7-submit has-spinner\" type=\"submit\" value=\"Enviar\" \/>\n<\/p><p style=\"display: none !important;\" class=\"akismet-fields-container\" data-prefix=\"_wpcf7_ak_\"><label>&#916;<textarea name=\"_wpcf7_ak_hp_textarea\" cols=\"45\" rows=\"8\" maxlength=\"100\"><\/textarea><\/label><input type=\"hidden\" id=\"ak_js_1\" name=\"_wpcf7_ak_js\" value=\"95\"\/><script>document.getElementById( \"ak_js_1\" ).setAttribute( \"value\", ( new Date() ).getTime() );<\/script><\/p><div class=\"wpcf7-response-output\" aria-hidden=\"true\"><\/div>\n<\/form>\n<\/div>\n\n\t<\/div> \n<\/div>\n","protected":false},"excerpt":{"rendered":"Preocupando-se com o bem-estar da popula\u00e7\u00e3o de Lacerd\u00f3polis, a C\u00e2mara de Vereadores Municipal est\u00e1 a disposi\u00e7\u00e3o de todos que queira tiram d\u00favidas, fazer reclama\u00e7\u00f5es ou elogios. Entre em contato conosco. Atendimento Segunda \u00e0 sexta: Matutino: 07h \u00e0s 13h Vespertino: 13h30min \u00e0s 18h Hor\u00e1rio das sess\u00f5es: Segundas-feiras: A partir das 19 horas. Contato E-mail: camaralpolis@camaralacerdopolis.sc.gov.br WhatsApp:<span class=\"read-more arrow\"><a href=\"https:\/\/camaralacerdopolis.sc.gov.br\/site\/contato\/\" title=\"Leia Mais\">&rarr;<\/a><\/span>","protected":false},"author":1,"featured_media":0,"parent":0,"menu_order":0,"comment_status":"closed","ping_status":"closed","template":"page-blocks.php","meta":{"_monsterinsights_skip_tracking":false,"_monsterinsights_sitenote_active":false,"_monsterinsights_sitenote_note":"","_monsterinsights_sitenote_category":0,"footnotes":""},"class_list":["post-16","page","type-page","status-publish"],"yoast_head":"<!-- This site is optimized with the Yoast SEO plugin v26.4 - https:\/\/yoast.com\/wordpress\/plugins\/seo\/ -->\n<title>Contato - C\u00e2mara Municipal de Vereadores de Lacerd\u00f3polis - Santa Catarina<\/title>\n<meta name=\"robots\" content=\"index, follow, max-snippet:-1, max-image-preview:large, max-video-preview:-1\" \/>\n<link rel=\"canonical\" href=\"https:\/\/camaralacerdopolis.sc.gov.br\/site\/contato\/\" \/>\n<meta property=\"og:locale\" content=\"pt_BR\" \/>\n<meta property=\"og:type\" content=\"article\" \/>\n<meta property=\"og:title\" content=\"Contato - C\u00e2mara Municipal de Vereadores de Lacerd\u00f3polis - Santa Catarina\" \/>\n<meta property=\"og:url\" content=\"https:\/\/camaralacerdopolis.sc.gov.br\/site\/contato\/\" \/>\n<meta property=\"og:site_name\" content=\"C\u00e2mara Municipal de Vereadores de Lacerd\u00f3polis - Santa Catarina\" \/>\n<meta property=\"article:modified_time\" content=\"2025-06-13T12:13:09+00:00\" \/>\n<meta name=\"twitter:card\" content=\"summary_large_image\" \/>\n<meta name=\"twitter:label1\" content=\"Est. tempo de leitura\" \/>\n\t<meta name=\"twitter:data1\" content=\"1 minuto\" \/>\n<script type=\"application\/ld+json\" class=\"yoast-schema-graph\">{\"@context\":\"https:\/\/schema.org\",\"@graph\":[{\"@type\":\"WebPage\",\"@id\":\"https:\/\/camaralacerdopolis.sc.gov.br\/site\/contato\/\",\"url\":\"https:\/\/camaralacerdopolis.sc.gov.br\/site\/contato\/\",\"name\":\"Contato - C\u00e2mara Municipal de Vereadores de Lacerd\u00f3polis - Santa Catarina\",\"isPartOf\":{\"@id\":\"https:\/\/camaralacerdopolis.sc.gov.br\/site\/#website\"},\"datePublished\":\"2020-07-28T19:30:14+00:00\",\"dateModified\":\"2025-06-13T12:13:09+00:00\",\"breadcrumb\":{\"@id\":\"https:\/\/camaralacerdopolis.sc.gov.br\/site\/contato\/#breadcrumb\"},\"inLanguage\":\"pt-BR\",\"potentialAction\":[{\"@type\":\"ReadAction\",\"target\":[\"https:\/\/camaralacerdopolis.sc.gov.br\/site\/contato\/\"]}]},{\"@type\":\"BreadcrumbList\",\"@id\":\"https:\/\/camaralacerdopolis.sc.gov.br\/site\/contato\/#breadcrumb\",\"itemListElement\":[{\"@type\":\"ListItem\",\"position\":1,\"name\":\"Home\",\"item\":\"https:\/\/camaralacerdopolis.sc.gov.br\/site\/\"},{\"@type\":\"ListItem\",\"position\":2,\"name\":\"Contato\"}]},{\"@type\":\"WebSite\",\"@id\":\"https:\/\/camaralacerdopolis.sc.gov.br\/site\/#website\",\"url\":\"https:\/\/camaralacerdopolis.sc.gov.br\/site\/\",\"name\":\"C\u00e2mara Municipal de Vereadores de Lacerd\u00f3polis - Santa Catarina\",\"description\":\"\",\"potentialAction\":[{\"@type\":\"SearchAction\",\"target\":{\"@type\":\"EntryPoint\",\"urlTemplate\":\"https:\/\/camaralacerdopolis.sc.gov.br\/site\/?s={search_term_string}\"},\"query-input\":{\"@type\":\"PropertyValueSpecification\",\"valueRequired\":true,\"valueName\":\"search_term_string\"}}],\"inLanguage\":\"pt-BR\"}]}<\/script>\n<!-- \/ Yoast SEO plugin. -->","yoast_head_json":{"title":"Contato - C\u00e2mara Municipal de Vereadores de Lacerd\u00f3polis - Santa Catarina","robots":{"index":"index","follow":"follow","max-snippet":"max-snippet:-1","max-image-preview":"max-image-preview:large","max-video-preview":"max-video-preview:-1"},"canonical":"https:\/\/camaralacerdopolis.sc.gov.br\/site\/contato\/","og_locale":"pt_BR","og_type":"article","og_title":"Contato - C\u00e2mara Municipal de Vereadores de Lacerd\u00f3polis - Santa Catarina","og_url":"https:\/\/camaralacerdopolis.sc.gov.br\/site\/contato\/","og_site_name":"C\u00e2mara Municipal de Vereadores de Lacerd\u00f3polis - Santa Catarina","article_modified_time":"2025-06-13T12:13:09+00:00","twitter_card":"summary_large_image","twitter_misc":{"Est. tempo de leitura":"1 minuto"},"schema":{"@context":"https:\/\/schema.org","@graph":[{"@type":"WebPage","@id":"https:\/\/camaralacerdopolis.sc.gov.br\/site\/contato\/","url":"https:\/\/camaralacerdopolis.sc.gov.br\/site\/contato\/","name":"Contato - C\u00e2mara Municipal de Vereadores de Lacerd\u00f3polis - Santa Catarina","isPartOf":{"@id":"https:\/\/camaralacerdopolis.sc.gov.br\/site\/#website"},"datePublished":"2020-07-28T19:30:14+00:00","dateModified":"2025-06-13T12:13:09+00:00","breadcrumb":{"@id":"https:\/\/camaralacerdopolis.sc.gov.br\/site\/contato\/#breadcrumb"},"inLanguage":"pt-BR","potentialAction":[{"@type":"ReadAction","target":["https:\/\/camaralacerdopolis.sc.gov.br\/site\/contato\/"]}]},{"@type":"BreadcrumbList","@id":"https:\/\/camaralacerdopolis.sc.gov.br\/site\/contato\/#breadcrumb","itemListElement":[{"@type":"ListItem","position":1,"name":"Home","item":"https:\/\/camaralacerdopolis.sc.gov.br\/site\/"},{"@type":"ListItem","position":2,"name":"Contato"}]},{"@type":"WebSite","@id":"https:\/\/camaralacerdopolis.sc.gov.br\/site\/#website","url":"https:\/\/camaralacerdopolis.sc.gov.br\/site\/","name":"C\u00e2mara Municipal de Vereadores de Lacerd\u00f3polis - Santa Catarina","description":"","potentialAction":[{"@type":"SearchAction","target":{"@type":"EntryPoint","urlTemplate":"https:\/\/camaralacerdopolis.sc.gov.br\/site\/?s={search_term_string}"},"query-input":{"@type":"PropertyValueSpecification","valueRequired":true,"valueName":"search_term_string"}}],"inLanguage":"pt-BR"}]}},"jetpack_sharing_enabled":true,"_links":{"self":[{"href":"https:\/\/camaralacerdopolis.sc.gov.br\/site\/wp-json\/wp\/v2\/pages\/16","targetHints":{"allow":["GET"]}}],"collection":[{"href":"https:\/\/camaralacerdopolis.sc.gov.br\/site\/wp-json\/wp\/v2\/pages"}],"about":[{"href":"https:\/\/camaralacerdopolis.sc.gov.br\/site\/wp-json\/wp\/v2\/types\/page"}],"author":[{"embeddable":true,"href":"https:\/\/camaralacerdopolis.sc.gov.br\/site\/wp-json\/wp\/v2\/users\/1"}],"replies":[{"embeddable":true,"href":"https:\/\/camaralacerdopolis.sc.gov.br\/site\/wp-json\/wp\/v2\/comments?post=16"}],"version-history":[{"count":13,"href":"https:\/\/camaralacerdopolis.sc.gov.br\/site\/wp-json\/wp\/v2\/pages\/16\/revisions"}],"predecessor-version":[{"id":5988,"href":"https:\/\/camaralacerdopolis.sc.gov.br\/site\/wp-json\/wp\/v2\/pages\/16\/revisions\/5988"}],"wp:attachment":[{"href":"https:\/\/camaralacerdopolis.sc.gov.br\/site\/wp-json\/wp\/v2\/media?parent=16"}],"curies":[{"name":"wp","href":"https:\/\/api.w.org\/{rel}","templated":true}]}}