{"id":5374,"date":"2024-07-29T15:39:04","date_gmt":"2024-07-29T18:39:04","guid":{"rendered":"https:\/\/camaralacerdopolis.sc.gov.br\/site\/?page_id=5374"},"modified":"2025-06-03T09:52:59","modified_gmt":"2025-06-03T12:52:59","slug":"diarias","status":"publish","type":"page","link":"https:\/\/camaralacerdopolis.sc.gov.br\/site\/diarias\/","title":{"rendered":"Di\u00e1rias"},"content":{"rendered":"<div class=\"ts-row block cf wpb_row\">\n\t<div class=\"col-12 wpb_column vc_column_container\">\n\t\t\t\n\t<div class=\"wpb_text_column wpb_content_element \">\n\t\t<div class=\"post-content text-font\">\n\t\t\t<p>Valor das di\u00e1rias, conforme Lei Legislativa n\u00ba 006\/2016 DE 15\/07\/2016.<\/p>\n<p><strong>Bras\u00edlia<\/strong><br \/>\nR$ 643,11<\/p>\n<p><strong>Demais Capitais<br \/>\n<\/strong>R$ 459,37<\/p>\n<p><strong>Florian\u00f3polis<br \/>\n<\/strong>R$ 459,37<\/p>\n<p><strong>Demais Munic\u00edpios<br \/>\n<\/strong>R$ 367,49<\/p>\n<p><strong>Internacional<br \/>\n<\/strong>R$ 1.286,22<\/p>\n\n\t\t<\/div> \n\t<\/div> \n\t<\/div> \n<\/div><div class=\"ts-row block cf wpb_row\">\n\t<div class=\"col-12 wpb_column vc_column_container\">\n\t\t\t<div class=\"vc_tta-container\" data-vc-action=\"collapse\"><div class=\"vc_general vc_tta vc_tta-tabs vc_tta-color-grey vc_tta-style-flat vc_tta-shape-square vc_tta-spacing-1 vc_tta-o-no-fill vc_tta-tabs-position-top vc_tta-controls-align-left\"><div class=\"vc_tta-tabs-container\"><ul class=\"vc_tta-tabs-list\"><li class=\"vc_tta-tab vc_active\" data-vc-tab><a href=\"#1748954952943-e9d52c30-b996\" data-vc-tabs data-vc-container=\".vc_tta\"><i class=\"vc_tta-icon fa fa-file-text-o\"><\/i><span class=\"vc_tta-title-text\">Requisi\u00e7\u00f5es<\/span><\/a><\/li><\/ul><\/div><div class=\"vc_tta-panels-container\"><div class=\"vc_tta-panels\"><div class=\"vc_tta-panel vc_active\" id=\"1748954952943-e9d52c30-b996\" data-vc-content=\".vc_tta-panel-body\"><div class=\"vc_tta-panel-heading\"><h4 class=\"vc_tta-panel-title\"><a href=\"#1748954952943-e9d52c30-b996\" data-vc-accordion data-vc-container=\".vc_tta-container\"><i class=\"vc_tta-icon fa fa-file-text-o\"><\/i><span class=\"vc_tta-title-text\">Requisi\u00e7\u00f5es<\/span><\/a><\/h4><\/div><div class=\"vc_tta-panel-body\">\n\t<div class=\"wpb_text_column wpb_content_element \">\n\t\t<div class=\"post-content text-font\">\n\t\t\t<ul>\n<li><a href=\"https:\/\/camaralacerdopolis.sc.gov.br\/site\/wp-content\/uploads\/2025\/06\/2025-n01-Requisicao-Diarias-Ademir.pdf\">Requisi\u00e7\u00e3o Di\u00e1rias &#8211; Ademir<\/a><\/li>\n<li><a href=\"https:\/\/camaralacerdopolis.sc.gov.br\/site\/wp-content\/uploads\/2025\/06\/2025-n02-Requisicao-Diarias-Andressa.pdf\">Requisi\u00e7\u00e3o Di\u00e1rias &#8211; Andressa<\/a><\/li>\n<li><a href=\"https:\/\/camaralacerdopolis.sc.gov.br\/site\/wp-content\/uploads\/2025\/06\/2025-n03-Requisicao-Diarias-Juventino.pdf\">Requisi\u00e7\u00e3o Di\u00e1rias &#8211; Juventino<\/a><\/li>\n<\/ul>\n\n\t\t<\/div> \n\t<\/div> <\/div><\/div><\/div><\/div><\/div><\/div>\n\t<\/div> \n<\/div>\n","protected":false},"excerpt":{"rendered":"Valor das di\u00e1rias, conforme Lei Legislativa n\u00ba 006\/2016 DE 15\/07\/2016. Bras\u00edlia R$ 643,11 Demais Capitais R$ 459,37 Florian\u00f3polis R$ 459,37 Demais Munic\u00edpios R$ 367,49 Internacional R$ 1.286,22 Requisi\u00e7\u00f5esRequisi\u00e7\u00f5es Requisi\u00e7\u00e3o Di\u00e1rias - Ademir Requisi\u00e7\u00e3o Di\u00e1rias - Andressa Requisi\u00e7\u00e3o Di\u00e1rias - Juventino","protected":false},"author":1,"featured_media":0,"parent":0,"menu_order":0,"comment_status":"closed","ping_status":"closed","template":"page-blocks.php","meta":{"_monsterinsights_skip_tracking":false,"_monsterinsights_sitenote_active":false,"_monsterinsights_sitenote_note":"","_monsterinsights_sitenote_category":0,"footnotes":""},"class_list":["post-5374","page","type-page","status-publish"],"yoast_head":"<!-- This site is optimized with the Yoast SEO plugin v26.4 - https:\/\/yoast.com\/wordpress\/plugins\/seo\/ -->\n<title>Di\u00e1rias - C\u00e2mara Municipal de Vereadores de Lacerd\u00f3polis - Santa Catarina<\/title>\n<meta name=\"robots\" content=\"index, follow, max-snippet:-1, max-image-preview:large, max-video-preview:-1\" \/>\n<link rel=\"canonical\" href=\"https:\/\/camaralacerdopolis.sc.gov.br\/site\/diarias\/\" \/>\n<meta property=\"og:locale\" content=\"pt_BR\" \/>\n<meta property=\"og:type\" content=\"article\" \/>\n<meta property=\"og:title\" content=\"Di\u00e1rias - C\u00e2mara Municipal de Vereadores de Lacerd\u00f3polis - Santa Catarina\" \/>\n<meta property=\"og:url\" content=\"https:\/\/camaralacerdopolis.sc.gov.br\/site\/diarias\/\" \/>\n<meta property=\"og:site_name\" content=\"C\u00e2mara Municipal de Vereadores de Lacerd\u00f3polis - Santa Catarina\" \/>\n<meta property=\"article:modified_time\" content=\"2025-06-03T12:52:59+00:00\" \/>\n<meta name=\"twitter:card\" content=\"summary_large_image\" \/>\n<meta name=\"twitter:label1\" content=\"Est. tempo de leitura\" \/>\n\t<meta name=\"twitter:data1\" content=\"1 minuto\" \/>\n<script type=\"application\/ld+json\" class=\"yoast-schema-graph\">{\"@context\":\"https:\/\/schema.org\",\"@graph\":[{\"@type\":\"WebPage\",\"@id\":\"https:\/\/camaralacerdopolis.sc.gov.br\/site\/diarias\/\",\"url\":\"https:\/\/camaralacerdopolis.sc.gov.br\/site\/diarias\/\",\"name\":\"Di\u00e1rias - C\u00e2mara Municipal de Vereadores de Lacerd\u00f3polis - Santa Catarina\",\"isPartOf\":{\"@id\":\"https:\/\/camaralacerdopolis.sc.gov.br\/site\/#website\"},\"datePublished\":\"2024-07-29T18:39:04+00:00\",\"dateModified\":\"2025-06-03T12:52:59+00:00\",\"breadcrumb\":{\"@id\":\"https:\/\/camaralacerdopolis.sc.gov.br\/site\/diarias\/#breadcrumb\"},\"inLanguage\":\"pt-BR\",\"potentialAction\":[{\"@type\":\"ReadAction\",\"target\":[\"https:\/\/camaralacerdopolis.sc.gov.br\/site\/diarias\/\"]}]},{\"@type\":\"BreadcrumbList\",\"@id\":\"https:\/\/camaralacerdopolis.sc.gov.br\/site\/diarias\/#breadcrumb\",\"itemListElement\":[{\"@type\":\"ListItem\",\"position\":1,\"name\":\"Home\",\"item\":\"https:\/\/camaralacerdopolis.sc.gov.br\/site\/\"},{\"@type\":\"ListItem\",\"position\":2,\"name\":\"Di\u00e1rias\"}]},{\"@type\":\"WebSite\",\"@id\":\"https:\/\/camaralacerdopolis.sc.gov.br\/site\/#website\",\"url\":\"https:\/\/camaralacerdopolis.sc.gov.br\/site\/\",\"name\":\"C\u00e2mara Municipal de Vereadores de Lacerd\u00f3polis - Santa Catarina\",\"description\":\"\",\"potentialAction\":[{\"@type\":\"SearchAction\",\"target\":{\"@type\":\"EntryPoint\",\"urlTemplate\":\"https:\/\/camaralacerdopolis.sc.gov.br\/site\/?s={search_term_string}\"},\"query-input\":{\"@type\":\"PropertyValueSpecification\",\"valueRequired\":true,\"valueName\":\"search_term_string\"}}],\"inLanguage\":\"pt-BR\"}]}<\/script>\n<!-- \/ Yoast SEO plugin. -->","yoast_head_json":{"title":"Di\u00e1rias - C\u00e2mara Municipal de Vereadores de Lacerd\u00f3polis - Santa Catarina","robots":{"index":"index","follow":"follow","max-snippet":"max-snippet:-1","max-image-preview":"max-image-preview:large","max-video-preview":"max-video-preview:-1"},"canonical":"https:\/\/camaralacerdopolis.sc.gov.br\/site\/diarias\/","og_locale":"pt_BR","og_type":"article","og_title":"Di\u00e1rias - C\u00e2mara Municipal de Vereadores de Lacerd\u00f3polis - Santa Catarina","og_url":"https:\/\/camaralacerdopolis.sc.gov.br\/site\/diarias\/","og_site_name":"C\u00e2mara Municipal de Vereadores de Lacerd\u00f3polis - Santa Catarina","article_modified_time":"2025-06-03T12:52:59+00:00","twitter_card":"summary_large_image","twitter_misc":{"Est. tempo de leitura":"1 minuto"},"schema":{"@context":"https:\/\/schema.org","@graph":[{"@type":"WebPage","@id":"https:\/\/camaralacerdopolis.sc.gov.br\/site\/diarias\/","url":"https:\/\/camaralacerdopolis.sc.gov.br\/site\/diarias\/","name":"Di\u00e1rias - C\u00e2mara Municipal de Vereadores de Lacerd\u00f3polis - Santa Catarina","isPartOf":{"@id":"https:\/\/camaralacerdopolis.sc.gov.br\/site\/#website"},"datePublished":"2024-07-29T18:39:04+00:00","dateModified":"2025-06-03T12:52:59+00:00","breadcrumb":{"@id":"https:\/\/camaralacerdopolis.sc.gov.br\/site\/diarias\/#breadcrumb"},"inLanguage":"pt-BR","potentialAction":[{"@type":"ReadAction","target":["https:\/\/camaralacerdopolis.sc.gov.br\/site\/diarias\/"]}]},{"@type":"BreadcrumbList","@id":"https:\/\/camaralacerdopolis.sc.gov.br\/site\/diarias\/#breadcrumb","itemListElement":[{"@type":"ListItem","position":1,"name":"Home","item":"https:\/\/camaralacerdopolis.sc.gov.br\/site\/"},{"@type":"ListItem","position":2,"name":"Di\u00e1rias"}]},{"@type":"WebSite","@id":"https:\/\/camaralacerdopolis.sc.gov.br\/site\/#website","url":"https:\/\/camaralacerdopolis.sc.gov.br\/site\/","name":"C\u00e2mara Municipal de Vereadores de Lacerd\u00f3polis - Santa Catarina","description":"","potentialAction":[{"@type":"SearchAction","target":{"@type":"EntryPoint","urlTemplate":"https:\/\/camaralacerdopolis.sc.gov.br\/site\/?s={search_term_string}"},"query-input":{"@type":"PropertyValueSpecification","valueRequired":true,"valueName":"search_term_string"}}],"inLanguage":"pt-BR"}]}},"jetpack_sharing_enabled":true,"_links":{"self":[{"href":"https:\/\/camaralacerdopolis.sc.gov.br\/site\/wp-json\/wp\/v2\/pages\/5374","targetHints":{"allow":["GET"]}}],"collection":[{"href":"https:\/\/camaralacerdopolis.sc.gov.br\/site\/wp-json\/wp\/v2\/pages"}],"about":[{"href":"https:\/\/camaralacerdopolis.sc.gov.br\/site\/wp-json\/wp\/v2\/types\/page"}],"author":[{"embeddable":true,"href":"https:\/\/camaralacerdopolis.sc.gov.br\/site\/wp-json\/wp\/v2\/users\/1"}],"replies":[{"embeddable":true,"href":"https:\/\/camaralacerdopolis.sc.gov.br\/site\/wp-json\/wp\/v2\/comments?post=5374"}],"version-history":[{"count":6,"href":"https:\/\/camaralacerdopolis.sc.gov.br\/site\/wp-json\/wp\/v2\/pages\/5374\/revisions"}],"predecessor-version":[{"id":5939,"href":"https:\/\/camaralacerdopolis.sc.gov.br\/site\/wp-json\/wp\/v2\/pages\/5374\/revisions\/5939"}],"wp:attachment":[{"href":"https:\/\/camaralacerdopolis.sc.gov.br\/site\/wp-json\/wp\/v2\/media?parent=5374"}],"curies":[{"name":"wp","href":"https:\/\/api.w.org\/{rel}","templated":true}]}}